{"id":756,"date":"2024-05-29T13:03:08","date_gmt":"2024-05-29T13:03:08","guid":{"rendered":"https:\/\/livingplace.pt\/?page_id=756"},"modified":"2026-08-18T13:05:51","modified_gmt":"2026-08-18T13:05:51","slug":"sustentabilidade","status":"publish","type":"page","link":"https:\/\/livingplace.pt\/en_gb\/sustentabilidade\/","title":{"rendered":"Sustainability"},"content":{"rendered":"<div data-elementor-type=\"wp-page\" data-elementor-id=\"756\" class=\"elementor elementor-756\">\n\t\t\t\t\t\t<section class=\"elementor-section elementor-top-section elementor-element elementor-element-e9aa47d elementor-section-boxed elementor-section-height-default elementor-section-height-default\" data-id=\"e9aa47d\" data-element_type=\"section\" data-e-type=\"section\">\n\t\t\t\t\t\t<div class=\"elementor-container elementor-column-gap-default\">\n\t\t\t\t\t<div class=\"elementor-column elementor-col-100 elementor-top-column elementor-element elementor-element-d3f3a1c\" data-id=\"d3f3a1c\" data-element_type=\"column\" data-e-type=\"column\">\n\t\t\t<div class=\"elementor-widget-wrap elementor-element-populated\">\n\t\t\t\t\t\t<div class=\"elementor-element elementor-element-ef5d8b9 elementor-position-left elementor-vertical-align-top elementor-widget elementor-widget-image-box\" data-id=\"ef5d8b9\" data-element_type=\"widget\" data-e-type=\"widget\" data-widget_type=\"image-box.default\">\n\t\t\t\t<div class=\"elementor-widget-container\">\n\t\t\t\t\t<div class=\"elementor-image-box-wrapper\"><figure class=\"elementor-image-box-img\"><img loading=\"lazy\" decoding=\"async\" width=\"1619\" height=\"1080\" src=\"https:\/\/livingplace.pt\/wp-content\/uploads\/2026\/08\/living-place_gdz1o6YJ.webp\" class=\"attachment-full size-full wp-image-4975\" alt=\"Bandeira da Uni\u00e3o Europeia (UE)\" \/><\/figure><div class=\"elementor-image-box-content\"><h3 class=\"elementor-image-box-title\">European Union<\/h3><p class=\"elementor-image-box-description\">Legal Notice: The use of the European Union emblem marks our alignment with European best practices and standards for sustainability and tourism. Living Place is an independent private entity.<\/p><\/div><\/div>\t\t\t\t<\/div>\n\t\t\t\t<\/div>\n\t\t\t\t\t<\/div>\n\t\t<\/div>\n\t\t\t\t\t<\/div>\n\t\t<\/section>\n\t\t\t\t<section class=\"elementor-section elementor-top-section elementor-element elementor-element-a7bb23c elementor-section-boxed elementor-section-height-default elementor-section-height-default\" data-id=\"a7bb23c\" data-element_type=\"section\" data-e-type=\"section\">\n\t\t\t\t\t\t<div class=\"elementor-container elementor-column-gap-default\">\n\t\t\t\t\t<div class=\"elementor-column elementor-col-100 elementor-top-column elementor-element elementor-element-e49b653\" data-id=\"e49b653\" data-element_type=\"column\" data-e-type=\"column\">\n\t\t\t<div class=\"elementor-widget-wrap elementor-element-populated\">\n\t\t\t\t\t\t<div class=\"elementor-element elementor-element-0fedee7 elementor-widget elementor-widget-heading\" data-id=\"0fedee7\" data-element_type=\"widget\" data-e-type=\"widget\" data-widget_type=\"heading.default\">\n\t\t\t\t<div class=\"elementor-widget-container\">\n\t\t\t\t\t<h2 class=\"elementor-heading-title elementor-size-default\">Living Place's history and its path to sustainability since 2012<\/h2>\t\t\t\t<\/div>\n\t\t\t\t<\/div>\n\t\t\t\t<div class=\"elementor-element elementor-element-4a2e5ab elementor-widget elementor-widget-timeline-widget-addon\" data-id=\"4a2e5ab\" data-element_type=\"widget\" data-e-type=\"widget\" data-widget_type=\"timeline-widget-addon.default\">\n\t\t\t\t<div class=\"elementor-widget-container\">\n\t\t\t\t\t<!-- ========= Timeline Widget Addon For Elementor 1.7.0 ========= -->\n<div id=\"twae-wrapper-4a2e5ab\" class=\"twae-vertical twae-wrapper  twae-both-sided\">   \n    <div class=\"twae-start\"><\/div>    \n    <div id=\"twea-timeline-4a2e5ab\" class=\"twae-timeline\" ><!-- Start of Story Repeater Content --><div id=\"story-27495a4\" class=\"twae-story twae-repeater-item twae-story-right twae-story-no-icon\"><!-- Story Label --><div class=\"twae-labels\"><div class=\"twae-label-big\">2012<\/div><div class=\"twae-label-small\">Founding<\/div><\/div><!-- Story Icon --><div class=\"twae-icon\"><i aria-hidden=\"true\" class=\"far fa-clock\"><\/i><\/div><!-- Story Arrow --><div class=\"twae-arrow\"><\/div><!-- Start of Story Content --><div class=\"twae-content\"><!-- Story Title --><div class=\"twae-title\">Foundation of Living Place and Roots in Tourism Animation<\/div><!-- Story Image --><div class=\"twae-media large\"><img loading=\"lazy\" decoding=\"async\" width=\"900\" height=\"491\" src=\"https:\/\/livingplace.pt\/wp-content\/uploads\/2026\/07\/living-place_cNLp0iL5-1024x559.webp\" class=\"attachment-large size-large\" alt=\"Nascimento da empresa Living Place em 2012. A imagem retrata um ambiente rural com 5 pessoas a colocar uma placa de madeira e a festejar.\" \/><\/div><!-- Story Description --><div class=\"twae-description\"><p>In 2012, Living Place was born, driven by a passion for nature tourism, tourist activities, and discovering the territory in Portugal. From day one, our commitment has been to create authentic, memorable experiences with a strong connection to the communities, laying the foundations for the innovation in events and group dynamics that we develop today, always taking into account issues of Sustainability and Nature Protection.<\/p><\/div><\/div><\/div><!-- Start of Story Repeater Content --><div id=\"story-3c91dff\" class=\"twae-story twae-repeater-item twae-story-left twae-story-no-icon\"><!-- Story Label --><div class=\"twae-labels\"><div class=\"twae-label-big\">2013<\/div><div class=\"twae-label-small\">Education<\/div><\/div><!-- Story Icon --><div class=\"twae-icon\"><i aria-hidden=\"true\" class=\"far fa-clock\"><\/i><\/div><!-- Story Arrow --><div class=\"twae-arrow\"><\/div><!-- Start of Story Content --><div class=\"twae-content\"><!-- Story Title --><div class=\"twae-title\">Implementation of the CIA \u2013 Environmental Interpretation Center of Mealhada<\/div><!-- Story Image --><div class=\"twae-media large\"><img loading=\"lazy\" decoding=\"async\" width=\"900\" height=\"491\" src=\"https:\/\/livingplace.pt\/wp-content\/uploads\/2026\/07\/living-place_qOpN6p4J-1024x559.webp\" class=\"attachment-large size-large\" alt=\"Centro de Interpreta\u00e7\u00e3o Ambiental da Mealhada implementado pela Living Place.\" \/><\/div><!-- Story Description --><div class=\"twae-description\"><p>In 2013, Living Place took a decisive step in consolidating its educational approach by designing, opening, and implementing the Environmental Interpretation Center (CIA) in Mealhada. Located within the City Park, this project became a landmark in regional environmental education, promoting educational workshops, sustainability programs for schools, and awareness-raising activities for the community. This achievement reinforced our expertise in managing environmental spaces and valuing natural and cultural heritage.<\/p><\/div><\/div><\/div><!-- Start of Story Repeater Content --><div id=\"story-388cfb7\" class=\"twae-story twae-repeater-item twae-story-right twae-story-no-icon\"><!-- Story Label --><div class=\"twae-labels\"><div class=\"twae-label-big\">2014<\/div><div class=\"twae-label-small\">Dynamization<\/div><\/div><!-- Story Icon --><div class=\"twae-icon\"><i aria-hidden=\"true\" class=\"far fa-clock\"><\/i><\/div><!-- Story Arrow --><div class=\"twae-arrow\"><\/div><!-- Start of Story Content --><div class=\"twae-content\"><!-- Story Title --><div class=\"twae-title\">Management and Promotion of ECO Quinta Villa Maria<\/div><!-- Story Image --><div class=\"twae-media large\"><img loading=\"lazy\" decoding=\"async\" width=\"900\" height=\"628\" src=\"https:\/\/livingplace.pt\/wp-content\/uploads\/2026\/07\/living-place_Q0axGnXD.webp\" class=\"attachment-large size-large\" alt=\"Gest\u00e3o da ECO Quinta Villa Maria em 2014 pela Living Place focada na conserva\u00e7\u00e3o florestal e turismo sustent\u00e1vel.\" \/><\/div><!-- Story Description --><div class=\"twae-description\"><p>In 2014, Living Place took over the management of ECO Quinta Villa Maria, a forest ecosystem and space of high historical and cultural value to the region. Under our guidance, the space was promoted with a focus on biodiversity conservation, sustainable tourism, and the promotion of immersive experiences connecting with nature, combining the preservation of forest heritage with the revitalization of local culture.<\/p><\/div><\/div><\/div><!-- Start of Story Repeater Content --><div id=\"story-e23188d\" class=\"twae-story twae-repeater-item twae-story-left twae-story-no-icon\"><!-- Story Label --><div class=\"twae-labels\"><div class=\"twae-label-big\">2020<\/div><div class=\"twae-label-small\">Decarbonization<\/div><\/div><!-- Story Icon --><div class=\"twae-icon\"><i aria-hidden=\"true\" class=\"far fa-clock\"><\/i><\/div><!-- Story Arrow --><div class=\"twae-arrow\"><\/div><!-- Start of Story Content --><div class=\"twae-content\"><!-- Story Title --><div class=\"twae-title\">Revitalizing the \u00c1gueda Sm@rt City Lab \u2013 Living Laboratory for Decarbonization<\/div><!-- Story Image --><div class=\"twae-media large\"><img loading=\"lazy\" decoding=\"async\" width=\"900\" height=\"405\" src=\"https:\/\/livingplace.pt\/wp-content\/uploads\/2026\/07\/living-place_fZ3ggJKt-1024x461.webp\" class=\"attachment-large size-large\" alt=\"Dinamiza\u00e7\u00e3o do \u00c1gueda Smart City Lab pela Living Place - Laborat\u00f3rio Vivo para a Descarboniza\u00e7\u00e3o.\" \/><\/div><!-- Story Description --><div class=\"twae-description\"><p>In 2020, Living Place began managing and promoting the \u00c1gueda Sm@rt City Lab, an innovative project of the \u00c1gueda City Council focused on decarbonization, energy efficiency, and sustainable mobility. As a Living Lab, this space has become a central hub for environmental education, testing of clean technologies, and community engagement, promoting educational activities with schools, businesses, and citizens in pursuit of a greener and smarter city.<\/p><\/div><\/div><\/div><!-- Start of Story Repeater Content --><div id=\"story-aa898d7\" class=\"twae-story twae-repeater-item twae-story-right twae-story-no-icon\"><!-- Story Label --><div class=\"twae-labels\"><div class=\"twae-label-big\">2021<\/div><div class=\"twae-label-small\">Recognition<\/div><\/div><!-- Story Icon --><div class=\"twae-icon\"><i aria-hidden=\"true\" class=\"far fa-clock\"><\/i><\/div><!-- Story Arrow --><div class=\"twae-arrow\"><\/div><!-- Start of Story Content --><div class=\"twae-content\"><!-- Story Title --><div class=\"twae-title\">Biosphere International Certification<\/div><!-- Story Image --><div class=\"twae-media large\"><img loading=\"lazy\" decoding=\"async\" width=\"900\" height=\"503\" src=\"https:\/\/livingplace.pt\/wp-content\/uploads\/2026\/07\/living-place_bku1vq6P-1024x572.webp\" class=\"attachment-large size-large\" alt=\"Equipa da Living Place a segurar o trof\u00e9u e certificado de sustentabilidade Biosphere Internacional obtidos em 2021.\" \/><\/div><!-- Story Description --><div class=\"twae-description\"><p data-path-to-node=\"3\">In 2021, Living Place achieved the prestigious Biosphere International Certification, a recognition that attests to the alignment of its practices with the Sustainable Development Goals (SDGs) of the United Nations' 2030 Agenda.<\/p><p data-path-to-node=\"4\">This certification reinforces the organization's commitment in key areas such as:<\/p><ul data-path-to-node=\"5\"><li><p data-path-to-node=\"5,0,0\">Environmental Sustainability: Reducing the ecological footprint and preserving natural resources.<\/p><\/li><li><p data-path-to-node=\"5,1,0\">Social and Cultural Responsibility: Promoting inclusion, respect, and appreciation for the local community.<\/p><\/li><li><p data-path-to-node=\"5,2,0\">Efficient and Transparent Management: Adopting best practices in sustainable tourism and space management.<\/p><\/li><\/ul><\/div><\/div><\/div><!-- Start of Story Repeater Content --><div id=\"story-ff4347d\" class=\"twae-story twae-repeater-item twae-story-left twae-story-no-icon\"><!-- Story Label --><div class=\"twae-labels\"><div class=\"twae-label-big\">2021<\/div><div class=\"twae-label-small\">Recognition<\/div><\/div><!-- Story Icon --><div class=\"twae-icon\"><i aria-hidden=\"true\" class=\"far fa-clock\"><\/i><\/div><!-- Story Arrow --><div class=\"twae-arrow\"><\/div><!-- Start of Story Content --><div class=\"twae-content\"><!-- Story Title --><div class=\"twae-title\">CICAF \u2013 Interpretive Center of the Water and Forest Cycle of Anadia<\/div><!-- Story Image --><div class=\"twae-media large\"><img loading=\"lazy\" decoding=\"async\" width=\"900\" height=\"503\" src=\"https:\/\/livingplace.pt\/wp-content\/uploads\/2026\/07\/living-place_X7jEZHlB-1024x572.webp\" class=\"attachment-large size-large\" alt=\"Crian\u00e7as a interagir com maquete do ciclo da \u00e1gua e floresta no CICAF com a Living Place em Anadia.\" \/><\/div><!-- Story Description --><div class=\"twae-description\"><p>In 2021, Living Place implemented the CICAF (Interpretive Center of the Water and Forest Cycle) in partnership with the Municipality of Anadia.<\/p><p>Objectives and Relevance of CICAF:<br \/>Environmental Awareness: Promoting awareness of the vital importance of water and forest preservation.<\/p><p>Education and Learning: To serve as a pedagogical meeting point for schools, families, researchers, and visitors in general.<\/p><p>Valuing Natural Heritage: Highlighting the richness of the local ecosystems in the municipality of Anadia, relating water resource management to forest biodiversity.<\/p><\/div><\/div><\/div><!-- Start of Story Repeater Content --><div id=\"story-28803eb\" class=\"twae-story twae-repeater-item twae-story-right twae-story-no-icon\"><!-- Story Label --><div class=\"twae-labels\"><div class=\"twae-label-big\">2022<\/div><div class=\"twae-label-small\">Science<\/div><\/div><!-- Story Icon --><div class=\"twae-icon\"><i aria-hidden=\"true\" class=\"far fa-clock\"><\/i><\/div><!-- Story Arrow --><div class=\"twae-arrow\"><\/div><!-- Start of Story Content --><div class=\"twae-content\"><!-- Story Title --><div class=\"twae-title\">Measuring and Calculating the Carbon Footprint<\/div><!-- Story Image --><div class=\"twae-media large\"><img loading=\"lazy\" decoding=\"async\" width=\"900\" height=\"491\" src=\"https:\/\/livingplace.pt\/wp-content\/uploads\/2026\/07\/living-place_YBx41Amn-1024x559.webp\" class=\"attachment-large size-large\" alt=\"Equipa da Living Place a analisar o mapeamento de emiss\u00f5es de CO2 e estrat\u00e9gias de descarboniza\u00e7\u00e3o em 2022.\" \/><\/div><!-- Story Description --><div class=\"twae-description\"><p>In 2022, Living Place dedicated itself to researching, studying, and developing its own rigorous formulas to accurately measure the Carbon Emissions (CO2) resulting from its tourism and environmental education operations and activities.<\/p><p>Key Highlights:<\/p><p>Scientific Rigor: Detailed mapping of emission factors related to transportation, energy consumption, waste management, and event\/activity logistics.<\/p><p>Diagnostic Tool: Creation of customized algorithms\/formulas that allow calculating the real impact of each activity provided.<\/p><p>Basis for Carbon Neutrality: This methodology served as the foundation for implementing concrete strategies for reducing and subsequently offsetting carbon emissions from their experiences in the territory.<\/p><\/div><\/div><\/div><!-- Start of Story Repeater Content --><div id=\"story-4dbe613\" class=\"twae-story twae-repeater-item twae-story-left twae-story-no-icon\"><!-- Story Label --><div class=\"twae-labels\"><div class=\"twae-label-big\">2023<\/div><div class=\"twae-label-small\">Transparency<\/div><\/div><!-- Story Icon --><div class=\"twae-icon\"><i aria-hidden=\"true\" class=\"far fa-clock\"><\/i><\/div><!-- Story Arrow --><div class=\"twae-arrow\"><\/div><!-- Start of Story Content --><div class=\"twae-content\"><!-- Story Title --><div class=\"twae-title\">Living Place Sustainability Report<\/div><!-- Story Image --><div class=\"twae-media large\"><img loading=\"lazy\" decoding=\"async\" width=\"900\" height=\"503\" src=\"https:\/\/livingplace.pt\/wp-content\/uploads\/2026\/07\/living-place_njuKIRLj-1024x572.webp\" class=\"attachment-large size-large\" alt=\"\" \/><\/div><!-- Story Description --><div class=\"twae-description\"><p>In 2023, Living Place formalized its commitment to accountability by preparing its first Sustainability Report. This document compiled all the work carried out over the years, with a special focus on data collected since the implementation of carbon footprint mapping.<\/p><p>Key Points of the Report:<\/p><p>ESG (Environmental, Social and Governance) Performance: Transparent disclosure of the impact of the company's operations and its work with the community.<\/p><p>Carbon and Impact Metrics: Presentation of the results and evolution of emissions (CO2) calculations, consolidated from the model created in 2022.<\/p><p>Future Projections and Goals: Defining clear goals for decarbonization, energy efficiency, and environmental awareness for the coming years.<\/p><\/div><\/div><\/div><!-- Start of Story Repeater Content --><div id=\"story-927f338\" class=\"twae-story twae-repeater-item twae-story-right twae-story-no-icon\"><!-- Story Label --><div class=\"twae-labels\"><div class=\"twae-label-big\">2024<\/div><div class=\"twae-label-small\">Digitization<\/div><\/div><!-- Story Icon --><div class=\"twae-icon\"><i aria-hidden=\"true\" class=\"far fa-clock\"><\/i><\/div><!-- Story Arrow --><div class=\"twae-arrow\"><\/div><!-- Start of Story Content --><div class=\"twae-content\"><!-- Story Title --><div class=\"twae-title\">The Digital Revolution and Strengthening Team Spirit with Team Building<\/div><!-- Story Image --><div class=\"twae-media large\"><img loading=\"lazy\" decoding=\"async\" width=\"900\" height=\"491\" src=\"https:\/\/livingplace.pt\/wp-content\/uploads\/2026\/07\/living-place_OE51IfYI-1024x559.webp\" class=\"attachment-large size-large\" alt=\"\" \/><\/div><!-- Story Description --><div class=\"twae-description\"><p>The year 2024 marks a fundamental strategic turning point in Living Place's history. The transition to a fully digital operating model is consolidated, and there is exponential growth in team-building activities, redefining how companies interact with the environment and with each other.<\/p><\/div><\/div><\/div><!-- Start of Story Repeater Content --><div id=\"story-149ae5d\" class=\"twae-story twae-repeater-item twae-story-left twae-story-no-icon\"><!-- Story Label --><div class=\"twae-labels\"><div class=\"twae-label-big\">2025<\/div><div class=\"twae-label-small\">Influence<\/div><\/div><!-- Story Icon --><div class=\"twae-icon\"><i aria-hidden=\"true\" class=\"far fa-clock\"><\/i><\/div><!-- Story Arrow --><div class=\"twae-arrow\"><\/div><!-- Start of Story Content --><div class=\"twae-content\"><!-- Story Title --><div class=\"twae-title\">Mobilization and Impact on the Value Chain<\/div><!-- Story Image --><div class=\"twae-media large\"><img loading=\"lazy\" decoding=\"async\" width=\"900\" height=\"503\" src=\"https:\/\/livingplace.pt\/wp-content\/uploads\/2026\/07\/living-place_7ZfC7tkG-1024x572.webp\" class=\"attachment-large size-large\" alt=\"Uma equipa diversificada da Living Place colabora num ambiente de escrit\u00f3rio ao ar livre numa floresta com stakeholders.\" \/><\/div><!-- Story Description --><div class=\"twae-description\"><p>After consolidating internal monitoring, publishing the ESG report, and implementing digitalization coupled with Team Building, in 2025 Living Place successfully achieved its goal of actively influencing its stakeholders (suppliers, corporate clients, partners, and the local community) to reduce their own CO2 emissions.<\/p><p>Key Achievements of this Milestone:<\/p><p>\"Green\" Discounts and Incentives: Creating programs where partners and suppliers with proven carbon reduction targets receive preferential collaboration conditions.<\/p><p>Corporate On-the-Job Training: The Team Building activity incorporated practical modules on calculating and reducing emissions, enabling other companies to replicate the Living Place model.<\/p><p>Zero Carbon Partner Network: Creating a local alliance of companies and entities that share data and best practices in energy transition and sustainable mobility.<\/p><p>Throughout 2025, Living Place did not limit itself to simply achieving the goal of influencing its network of corporate partners. The period was marked by the consolidation of a robust Sustainable Growth model and the formalization of Quality Partnerships that raised the organization's performance standard.<\/p><\/div><\/div><\/div><!-- Start of Story Repeater Content --><div id=\"story-37f8544\" class=\"twae-story twae-repeater-item twae-story-right twae-story-no-icon\"><!-- Story Label --><div class=\"twae-labels\"><div class=\"twae-label-big\">2026<\/div><div class=\"twae-label-small\">Expansion<\/div><\/div><!-- Story Icon --><div class=\"twae-icon\"><i aria-hidden=\"true\" class=\"far fa-clock\"><\/i><\/div><!-- Story Arrow --><div class=\"twae-arrow\"><\/div><!-- Start of Story Content --><div class=\"twae-content\"><!-- Story Title --><div class=\"twae-title\">Technological Innovation, Global Expansion, and Talent Development<\/div><!-- Story Image --><div class=\"twae-media large\"><img loading=\"lazy\" decoding=\"async\" width=\"900\" height=\"503\" src=\"https:\/\/livingplace.pt\/wp-content\/uploads\/2026\/07\/living-place_Iz0ZoaeN-1024x572.webp\" class=\"attachment-large size-large\" alt=\"\" \/><\/div><!-- Story Description --><div class=\"twae-description\"><p>The year 2026 marks a phase of maturity, acceleration, reach, and greater visibility for Living Place. The consolidation of our reputation in the sustainable market has driven the digital transformation of our customer service, the geographic expansion of our operations, and the strengthening of our most valuable asset: our people.<\/p><\/div><\/div><\/div><\/div>\n    <div class=\"twae-end\"><\/div>\n    <\/div>\t\t\t\t<\/div>\n\t\t\t\t<\/div>\n\t\t\t\t<div class=\"elementor-element elementor-element-d2e367e elementor-widget elementor-widget-heading\" data-id=\"d2e367e\" data-element_type=\"widget\" data-e-type=\"widget\" data-widget_type=\"heading.default\">\n\t\t\t\t<div class=\"elementor-widget-container\">\n\t\t\t\t\t<h2 class=\"elementor-heading-title elementor-size-default\">Sustainable Development Goals<\/h2>\t\t\t\t<\/div>\n\t\t\t\t<\/div>\n\t\t\t\t<div class=\"elementor-element elementor-element-a8266d7 elementor-widget elementor-widget-image\" data-id=\"a8266d7\" data-element_type=\"widget\" data-e-type=\"widget\" data-widget_type=\"image.default\">\n\t\t\t\t<div class=\"elementor-widget-container\">\n\t\t\t\t\t\t\t\t\t\t\t\t\t\t\t<img loading=\"lazy\" decoding=\"async\" width=\"800\" height=\"800\" src=\"https:\/\/livingplace.pt\/wp-content\/uploads\/2024\/05\/Objetivos-de-Desenvolvimento-Sustentavel.gif\" class=\"attachment-large size-large wp-image-760\" alt=\"Objetivos de Desenvolvimento Sustent\u00e1vel\" \/>\t\t\t\t\t\t\t\t\t\t\t\t\t\t\t<\/div>\n\t\t\t\t<\/div>\n\t\t\t\t\t<\/div>\n\t\t<\/div>\n\t\t\t\t\t<\/div>\n\t\t<\/section>\n\t\t\t\t<section class=\"elementor-section elementor-top-section elementor-element elementor-element-8bcc345 elementor-section-boxed elementor-section-height-default elementor-section-height-default\" data-id=\"8bcc345\" data-element_type=\"section\" data-e-type=\"section\">\n\t\t\t\t\t\t<div class=\"elementor-container elementor-column-gap-default\">\n\t\t\t\t\t<div class=\"elementor-column elementor-col-50 elementor-top-column elementor-element elementor-element-2b1f007\" data-id=\"2b1f007\" data-element_type=\"column\" data-e-type=\"column\">\n\t\t\t<div class=\"elementor-widget-wrap elementor-element-populated\">\n\t\t\t\t\t\t<div class=\"elementor-element elementor-element-14e556c elementor-align-right elementor-widget elementor-widget-button\" data-id=\"14e556c\" data-element_type=\"widget\" data-e-type=\"widget\" data-widget_type=\"button.default\">\n\t\t\t\t<div class=\"elementor-widget-container\">\n\t\t\t\t\t\t\t\t\t<div class=\"elementor-button-wrapper\">\n\t\t\t\t\t<a class=\"elementor-button elementor-button-link elementor-size-sm\" href=\"https:\/\/issuu.com\/livingplace\/docs\/cua-ods-port-a2\" target=\"_blank\">\n\t\t\t\t\t\t<span class=\"elementor-button-content-wrapper\">\n\t\t\t\t\t\t\t\t\t<span class=\"elementor-button-text\">SDGs for Children<\/span>\n\t\t\t\t\t<\/span>\n\t\t\t\t\t<\/a>\n\t\t\t\t<\/div>\n\t\t\t\t\t\t\t\t<\/div>\n\t\t\t\t<\/div>\n\t\t\t\t\t<\/div>\n\t\t<\/div>\n\t\t\t\t<div class=\"elementor-column elementor-col-50 elementor-top-column elementor-element elementor-element-757dbac\" data-id=\"757dbac\" data-element_type=\"column\" data-e-type=\"column\">\n\t\t\t<div class=\"elementor-widget-wrap elementor-element-populated\">\n\t\t\t\t\t\t<div class=\"elementor-element elementor-element-08bba87 elementor-widget elementor-widget-button\" data-id=\"08bba87\" data-element_type=\"widget\" data-e-type=\"widget\" data-widget_type=\"button.default\">\n\t\t\t\t<div class=\"elementor-widget-container\">\n\t\t\t\t\t\t\t\t\t<div class=\"elementor-button-wrapper\">\n\t\t\t\t\t<a class=\"elementor-button elementor-button-link elementor-size-sm\" href=\"https:\/\/www.ine.pt\/ine_novidades\/Indicadores-ODS-para-Portugal\/\" target=\"_blank\">\n\t\t\t\t\t\t<span class=\"elementor-button-content-wrapper\">\n\t\t\t\t\t\t\t\t\t<span class=\"elementor-button-text\">SDGs Portugal Indicators<\/span>\n\t\t\t\t\t<\/span>\n\t\t\t\t\t<\/a>\n\t\t\t\t<\/div>\n\t\t\t\t\t\t\t\t<\/div>\n\t\t\t\t<\/div>\n\t\t\t\t\t<\/div>\n\t\t<\/div>\n\t\t\t\t\t<\/div>\n\t\t<\/section>\n\t\t\t\t<section class=\"elementor-section elementor-top-section elementor-element elementor-element-516bc81 elementor-section-boxed elementor-section-height-default elementor-section-height-default\" data-id=\"516bc81\" data-element_type=\"section\" data-e-type=\"section\">\n\t\t\t\t\t\t<div class=\"elementor-container elementor-column-gap-default\">\n\t\t\t\t\t<div class=\"elementor-column elementor-col-50 elementor-top-column elementor-element elementor-element-8539f08\" data-id=\"8539f08\" data-element_type=\"column\" data-e-type=\"column\">\n\t\t\t<div class=\"elementor-widget-wrap elementor-element-populated\">\n\t\t\t\t\t\t<div class=\"elementor-element elementor-element-c5299f2 elementor-widget elementor-widget-heading\" data-id=\"c5299f2\" data-element_type=\"widget\" data-e-type=\"widget\" data-widget_type=\"heading.default\">\n\t\t\t\t<div class=\"elementor-widget-container\">\n\t\t\t\t\t<h2 class=\"elementor-heading-title elementor-size-default\">SUSTAINABLE DEVELOPMENT GOALS SDG<\/h2>\t\t\t\t<\/div>\n\t\t\t\t<\/div>\n\t\t\t\t<div class=\"elementor-element elementor-element-ef37516 elementor-widget elementor-widget-text-editor\" data-id=\"ef37516\" data-element_type=\"widget\" data-e-type=\"widget\" data-widget_type=\"text-editor.default\">\n\t\t\t\t<div class=\"elementor-widget-container\">\n\t\t\t\t\t\t\t\t\t2015 will go down in history as the year in which the 2030 Agenda was defined, comprising 17 Sustainable Development Goals (SDGs). The 2030 Agenda is a broad and ambitious agenda that addresses several dimensions of sustainable development (social, economic, environmental) and that promotes peace, justice and effective institutions. The Sustainable Development Goals are based on progress and lessons learned from the 8 Millennium Development Goals, established between 2000 and 2015, and are the result of joint work by governments and citizens around the world. The 2030 Agenda and the 17 Sustainable Development Goals are the common vision for humanity, a contract between world leaders and peoples and \u201ca list of things to do on behalf of peoples and the planet\u201d.<br>\t\t\t\t\t\t\t\t<\/div>\n\t\t\t\t<\/div>\n\t\t\t\t\t<\/div>\n\t\t<\/div>\n\t\t\t\t<div class=\"elementor-column elementor-col-50 elementor-top-column elementor-element elementor-element-7f953ec\" data-id=\"7f953ec\" data-element_type=\"column\" data-e-type=\"column\">\n\t\t\t<div class=\"elementor-widget-wrap elementor-element-populated\">\n\t\t\t\t\t\t<div class=\"elementor-element elementor-element-fec97ea elementor-widget elementor-widget-image\" data-id=\"fec97ea\" data-element_type=\"widget\" data-e-type=\"widget\" data-widget_type=\"image.default\">\n\t\t\t\t<div class=\"elementor-widget-container\">\n\t\t\t\t\t\t\t\t\t\t\t\t\t\t\t<img loading=\"lazy\" decoding=\"async\" width=\"90\" height=\"129\" src=\"https:\/\/livingplace.pt\/wp-content\/uploads\/2024\/05\/biosfere.png\" class=\"attachment-full size-full wp-image-768\" alt=\"Biosphere Internacional\" srcset=\"https:\/\/livingplace.pt\/wp-content\/uploads\/2024\/05\/biosfere.png 90w, https:\/\/livingplace.pt\/wp-content\/uploads\/2024\/05\/biosfere-8x12.png 8w\" sizes=\"auto, (max-width: 90px) 100vw, 90px\" \/>\t\t\t\t\t\t\t\t\t\t\t\t\t\t\t<\/div>\n\t\t\t\t<\/div>\n\t\t\t\t\t<\/div>\n\t\t<\/div>\n\t\t\t\t\t<\/div>\n\t\t<\/section>\n\t\t\t\t<section class=\"elementor-section elementor-top-section elementor-element elementor-element-a4bba7d elementor-section-boxed elementor-section-height-default elementor-section-height-default\" data-id=\"a4bba7d\" data-element_type=\"section\" data-e-type=\"section\">\n\t\t\t\t\t\t<div class=\"elementor-container elementor-column-gap-default\">\n\t\t\t\t\t<div class=\"elementor-column elementor-col-100 elementor-top-column elementor-element elementor-element-2917075\" data-id=\"2917075\" data-element_type=\"column\" data-e-type=\"column\">\n\t\t\t<div class=\"elementor-widget-wrap elementor-element-populated\">\n\t\t\t\t\t\t<div class=\"elementor-element elementor-element-87e4eef elementor-widget elementor-widget-image\" data-id=\"87e4eef\" data-element_type=\"widget\" data-e-type=\"widget\" data-widget_type=\"image.default\">\n\t\t\t\t<div class=\"elementor-widget-container\">\n\t\t\t\t\t\t\t\t\t\t\t\t\t\t\t<img loading=\"lazy\" decoding=\"async\" width=\"1043\" height=\"528\" src=\"https:\/\/livingplace.pt\/wp-content\/uploads\/2024\/05\/Objetivos-de-Desenvolvimento-Sustentavel-Living-Place.png\" class=\"attachment-full size-full wp-image-761\" alt=\"Objetivos de Desenvolvimento Sustent\u00e1vel\" srcset=\"https:\/\/livingplace.pt\/wp-content\/uploads\/2024\/05\/Objetivos-de-Desenvolvimento-Sustentavel-Living-Place.png 1043w, https:\/\/livingplace.pt\/wp-content\/uploads\/2024\/05\/Objetivos-de-Desenvolvimento-Sustentavel-Living-Place-600x304.png 600w, https:\/\/livingplace.pt\/wp-content\/uploads\/2024\/05\/Objetivos-de-Desenvolvimento-Sustentavel-Living-Place-1024x518.png 1024w, https:\/\/livingplace.pt\/wp-content\/uploads\/2024\/05\/Objetivos-de-Desenvolvimento-Sustentavel-Living-Place-768x389.png 768w, https:\/\/livingplace.pt\/wp-content\/uploads\/2024\/05\/Objetivos-de-Desenvolvimento-Sustentavel-Living-Place-18x9.png 18w\" sizes=\"auto, (max-width: 1043px) 100vw, 1043px\" \/>\t\t\t\t\t\t\t\t\t\t\t\t\t\t\t<\/div>\n\t\t\t\t<\/div>\n\t\t\t\t\t<\/div>\n\t\t<\/div>\n\t\t\t\t\t<\/div>\n\t\t<\/section>\n\t\t\t\t<section class=\"elementor-section elementor-top-section elementor-element elementor-element-a354917 elementor-section-boxed elementor-section-height-default elementor-section-height-default\" data-id=\"a354917\" data-element_type=\"section\" data-e-type=\"section\">\n\t\t\t\t\t\t<div class=\"elementor-container elementor-column-gap-default\">\n\t\t\t\t\t<div class=\"elementor-column elementor-col-100 elementor-top-column elementor-element elementor-element-7f15794\" data-id=\"7f15794\" data-element_type=\"column\" data-e-type=\"column\">\n\t\t\t<div class=\"elementor-widget-wrap elementor-element-populated\">\n\t\t\t\t\t\t<div class=\"elementor-element elementor-element-40e7d1e elementor-widget elementor-widget-text-editor\" data-id=\"40e7d1e\" data-element_type=\"widget\" data-e-type=\"widget\" data-widget_type=\"text-editor.default\">\n\t\t\t\t<div class=\"elementor-widget-container\">\n\t\t\t\t\t\t\t\t\t<p style=\"text-align: center;\"><strong style=\"color: var(--e-global-color-accent); font-family: var(--gowilds-heading-font-family); font-size: 1.25rem; letter-spacing: -0.4px;\">We live Sustainability!!<\/strong><\/p>\t\t\t\t\t\t\t\t<\/div>\n\t\t\t\t<\/div>\n\t\t\t\t\t<\/div>\n\t\t<\/div>\n\t\t\t\t\t<\/div>\n\t\t<\/section>\n\t\t\t\t<section class=\"elementor-section elementor-top-section elementor-element elementor-element-f64ffd2 elementor-section-boxed elementor-section-height-default elementor-section-height-default\" data-id=\"f64ffd2\" data-element_type=\"section\" data-e-type=\"section\">\n\t\t\t\t\t\t<div class=\"elementor-container elementor-column-gap-default\">\n\t\t\t\t\t<div class=\"elementor-column elementor-col-100 elementor-top-column elementor-element elementor-element-9ea1366\" data-id=\"9ea1366\" data-element_type=\"column\" data-e-type=\"column\">\n\t\t\t<div class=\"elementor-widget-wrap elementor-element-populated\">\n\t\t\t\t\t\t<div class=\"elementor-element elementor-element-8463c71 elementor-widget elementor-widget-spacer\" data-id=\"8463c71\" data-element_type=\"widget\" data-e-type=\"widget\" data-widget_type=\"spacer.default\">\n\t\t\t\t<div class=\"elementor-widget-container\">\n\t\t\t\t\t\t\t<div class=\"elementor-spacer\">\n\t\t\t<div class=\"elementor-spacer-inner\"><\/div>\n\t\t<\/div>\n\t\t\t\t\t\t<\/div>\n\t\t\t\t<\/div>\n\t\t\t\t\t<\/div>\n\t\t<\/div>\n\t\t\t\t\t<\/div>\n\t\t<\/section>\n\t\t\t\t<section class=\"elementor-section elementor-top-section elementor-element elementor-element-8c6d9df elementor-section-boxed elementor-section-height-default elementor-section-height-default\" data-id=\"8c6d9df\" data-element_type=\"section\" data-e-type=\"section\">\n\t\t\t\t\t\t<div class=\"elementor-container elementor-column-gap-default\">\n\t\t\t\t\t<div class=\"elementor-column elementor-col-100 elementor-top-column elementor-element elementor-element-d75d151\" data-id=\"d75d151\" data-element_type=\"column\" data-e-type=\"column\">\n\t\t\t<div class=\"elementor-widget-wrap elementor-element-populated\">\n\t\t\t\t\t\t<div class=\"elementor-element elementor-element-a6ca203 elementor-widget elementor-widget-accordion\" data-id=\"a6ca203\" data-element_type=\"widget\" data-e-type=\"widget\" data-widget_type=\"accordion.default\">\n\t\t\t\t<div class=\"elementor-widget-container\">\n\t\t\t\t\t\t\t<div class=\"elementor-accordion\">\n\t\t\t\t\t\t\t<div class=\"elementor-accordion-item\">\n\t\t\t\t\t<div id=\"elementor-tab-title-1741\" class=\"elementor-tab-title\" data-tab=\"1\" role=\"button\" aria-controls=\"elementor-tab-content-1741\" aria-expanded=\"false\">\n\t\t\t\t\t\t\t\t\t\t\t\t\t<span class=\"elementor-accordion-icon elementor-accordion-icon-left\" aria-hidden=\"true\">\n\t\t\t\t\t\t\t\t\t\t\t\t\t\t\t<span class=\"elementor-accordion-icon-closed\"><i class=\"fas fa-plus\"><\/i><\/span>\n\t\t\t\t\t\t\t\t<span class=\"elementor-accordion-icon-opened\"><i class=\"fas fa-minus\"><\/i><\/span>\n\t\t\t\t\t\t\t\t\t\t\t\t\t\t<\/span>\n\t\t\t\t\t\t\t\t\t\t\t\t<a class=\"elementor-accordion-title\" tabindex=\"0\">1 - What is the 2030 Agenda and how does Living Place integrate with the 17 Sustainable Development Goals (SDGs)?<\/a>\n\t\t\t\t\t<\/div>\n\t\t\t\t\t<div id=\"elementor-tab-content-1741\" class=\"elementor-tab-content elementor-clearfix\" data-tab=\"1\" role=\"region\" aria-labelledby=\"elementor-tab-title-1741\"><p>The 2030 Agenda is a shared vision for humanity, comprised of 17 Sustainable Development Goals (SDGs) addressing social, economic, and environmental dimensions. Living Place integrates these goals into its mission, acting as a \"contract\" to protect the planet and its people. We focus on promoting peace, justice, and effective institutions, ensuring that our tourism experiences directly contribute to the progress defined by world leaders and citizens worldwide.<\/p><\/div>\n\t\t\t\t<\/div>\n\t\t\t\t\t\t\t<div class=\"elementor-accordion-item\">\n\t\t\t\t\t<div id=\"elementor-tab-title-1742\" class=\"elementor-tab-title\" data-tab=\"2\" role=\"button\" aria-controls=\"elementor-tab-content-1742\" aria-expanded=\"false\">\n\t\t\t\t\t\t\t\t\t\t\t\t\t<span class=\"elementor-accordion-icon elementor-accordion-icon-left\" aria-hidden=\"true\">\n\t\t\t\t\t\t\t\t\t\t\t\t\t\t\t<span class=\"elementor-accordion-icon-closed\"><i class=\"fas fa-plus\"><\/i><\/span>\n\t\t\t\t\t\t\t\t<span class=\"elementor-accordion-icon-opened\"><i class=\"fas fa-minus\"><\/i><\/span>\n\t\t\t\t\t\t\t\t\t\t\t\t\t\t<\/span>\n\t\t\t\t\t\t\t\t\t\t\t\t<a class=\"elementor-accordion-title\" tabindex=\"0\">2 - What is Living Place's track record in offsetting carbon emissions?<\/a>\n\t\t\t\t\t<\/div>\n\t\t\t\t\t<div id=\"elementor-tab-content-1742\" class=\"elementor-tab-content elementor-clearfix\" data-tab=\"2\" role=\"region\" aria-labelledby=\"elementor-tab-title-1742\"><p>Sustainability at Living Place is not a recent concept; we have a consistent track record of monitoring and offsetting carbon emissions since 2012. Through a rigorous schedule and the Biosphere International seal, we demonstrate our commitment to mitigating climate change, ensuring that our tourism entertainment activities leave a positive footprint and are compatible with the regenerative limits of Nature.<\/p><\/div>\n\t\t\t\t<\/div>\n\t\t\t\t\t\t\t<div class=\"elementor-accordion-item\">\n\t\t\t\t\t<div id=\"elementor-tab-title-1743\" class=\"elementor-tab-title\" data-tab=\"3\" role=\"button\" aria-controls=\"elementor-tab-content-1743\" aria-expanded=\"false\">\n\t\t\t\t\t\t\t\t\t\t\t\t\t<span class=\"elementor-accordion-icon elementor-accordion-icon-left\" aria-hidden=\"true\">\n\t\t\t\t\t\t\t\t\t\t\t\t\t\t\t<span class=\"elementor-accordion-icon-closed\"><i class=\"fas fa-plus\"><\/i><\/span>\n\t\t\t\t\t\t\t\t<span class=\"elementor-accordion-icon-opened\"><i class=\"fas fa-minus\"><\/i><\/span>\n\t\t\t\t\t\t\t\t\t\t\t\t\t\t<\/span>\n\t\t\t\t\t\t\t\t\t\t\t\t<a class=\"elementor-accordion-title\" tabindex=\"0\">3 - How does Living Place promote SDG education for different audiences?<\/a>\n\t\t\t\t\t<\/div>\n\t\t\t\t\t<div id=\"elementor-tab-content-1743\" class=\"elementor-tab-content elementor-clearfix\" data-tab=\"3\" role=\"region\" aria-labelledby=\"elementor-tab-title-1743\"><p>We believe that change begins with education, which is why we provide specific resources such as the \"SDGs for Children\" and information on the SDG Indicators in Portugal. Our motto \"We Live Sustainability\" is reflected in the sharing of knowledge about how each citizen can contribute to this list of \"things to do\" for the planet, raising awareness among both young people and the business sector about the urgency of sustainable development.<\/p><\/div>\n\t\t\t\t<\/div>\n\t\t\t\t\t\t\t\t<\/div>\n\t\t\t\t\t\t<\/div>\n\t\t\t\t<\/div>\n\t\t\t\t\t<\/div>\n\t\t<\/div>\n\t\t\t\t\t<\/div>\n\t\t<\/section>\n\t\t\t\t<section class=\"elementor-section elementor-top-section elementor-element elementor-element-2932d7b elementor-section-boxed elementor-section-height-default elementor-section-height-default\" data-id=\"2932d7b\" data-element_type=\"section\" data-e-type=\"section\">\n\t\t\t\t\t\t<div class=\"elementor-container elementor-column-gap-default\">\n\t\t\t\t\t<div class=\"elementor-column elementor-col-100 elementor-top-column elementor-element elementor-element-f2aaa51\" data-id=\"f2aaa51\" data-element_type=\"column\" data-e-type=\"column\">\n\t\t\t<div class=\"elementor-widget-wrap elementor-element-populated\">\n\t\t\t\t\t\t<div class=\"elementor-element elementor-element-f5690cf elementor-widget elementor-widget-spacer\" data-id=\"f5690cf\" data-element_type=\"widget\" data-e-type=\"widget\" data-widget_type=\"spacer.default\">\n\t\t\t\t<div class=\"elementor-widget-container\">\n\t\t\t\t\t\t\t<div class=\"elementor-spacer\">\n\t\t\t<div class=\"elementor-spacer-inner\"><\/div>\n\t\t<\/div>\n\t\t\t\t\t\t<\/div>\n\t\t\t\t<\/div>\n\t\t\t\t\t<\/div>\n\t\t<\/div>\n\t\t\t\t\t<\/div>\n\t\t<\/section>\n\t\t\t\t<\/div>","protected":false},"excerpt":{"rendered":"<p>Uni\u00e3o Europeia Aviso Legal: A utiliza\u00e7\u00e3o do emblema da Uni\u00e3o Europeia assinala o nosso alinhamento com as boas pr\u00e1ticas e normas europeias de sustentabilidade e turismo. A Living Place \u00e9 uma entidade privada independente. Hist\u00f3rico da empresa Living Place e caminho para a sustentabilidade desde 2012 2012NascimentoFunda\u00e7\u00e3o da Living Place e Ra\u00edzes na Anima\u00e7\u00e3o Tur\u00edstica [&hellip;]<\/p>\n","protected":false},"author":1,"featured_media":760,"parent":0,"menu_order":0,"comment_status":"closed","ping_status":"closed","template":"","meta":{"om_disable_all_campaigns":false,"_monsterinsights_skip_tracking":false,"footnotes":""},"class_list":["post-756","page","type-page","status-publish","has-post-thumbnail","hentry"],"aioseo_notices":[],"aioseo_head":"\n\t\t<!-- All in One SEO 5.0.0.1 - aioseo.com -->\n\t<meta name=\"description\" content=\"A Living Place tem um compromisso forte com a sustentabilidade, alinhada com a Agenda 2030 e os Objetivos de Desenvolvimento Sustent\u00e1vel. Conhe\u00e7a as nossas a\u00e7\u00f5es e pol\u00edticas, desde a neutraliza\u00e7\u00e3o de carbono at\u00e9 \u00e0s boas pr\u00e1ticas ambientais.\" \/>\n\t<meta name=\"robots\" content=\"max-image-preview:large\" \/>\n\t<meta name=\"msvalidate.01\" content=\"5B40DC136B482F5B728BA29A56E8357A\" \/>\n\t<link rel=\"canonical\" href=\"https:\/\/livingplace.pt\/sustentabilidade\/\" \/>\n\t<meta name=\"generator\" content=\"All in One SEO (AIOSEO) 5.0.0.1\" \/>\n\n\t\t<!-- Google tag (gtag.js) --> <script async src=\"https:\/\/www.googletagmanager.com\/gtag\/js?id=G-GLRLSMJMJV\"><\/script> <script> window.dataLayer = window.dataLayer || []; function gtag(){dataLayer.push(arguments);} gtag('js', new Date()); gtag('config', 'G-GLRLSMJMJV'); <\/script>\n\t\t<meta property=\"og:locale\" content=\"en_GB\" \/>\n\t\t<meta property=\"og:site_name\" content=\"Living Place - Anima\u00e7\u00e3o Tur\u00edstica e Team Building Portugal\" \/>\n\t\t<meta property=\"og:type\" content=\"article\" \/>\n\t\t<meta property=\"og:title\" content=\"Sustentabilidade - Living Place\" \/>\n\t\t<meta property=\"og:description\" content=\"A Living Place tem um compromisso forte com a sustentabilidade, alinhada com a Agenda 2030 e os Objetivos de Desenvolvimento Sustent\u00e1vel. Conhe\u00e7a as nossas a\u00e7\u00f5es e pol\u00edticas, desde a neutraliza\u00e7\u00e3o de carbono at\u00e9 \u00e0s boas pr\u00e1ticas ambientais.\" \/>\n\t\t<meta property=\"og:url\" content=\"https:\/\/livingplace.pt\/sustentabilidade\/\" \/>\n\t\t<meta property=\"og:image\" content=\"https:\/\/livingplace.pt\/wp-content\/uploads\/2024\/05\/Objetivos-de-Desenvolvimento-Sustentavel.gif\" \/>\n\t\t<meta property=\"og:image:secure_url\" content=\"https:\/\/livingplace.pt\/wp-content\/uploads\/2024\/05\/Objetivos-de-Desenvolvimento-Sustentavel.gif\" \/>\n\t\t<meta property=\"og:image:width\" content=\"800\" \/>\n\t\t<meta property=\"og:image:height\" content=\"800\" \/>\n\t\t<meta property=\"article:published_time\" content=\"2024-05-29T13:03:08+00:00\" \/>\n\t\t<meta property=\"article:modified_time\" content=\"2026-08-18T13:05:51+00:00\" \/>\n\t\t<meta property=\"article:publisher\" content=\"https:\/\/www.facebook.com\/LivingPlaceAnimacaoTuristica\" \/>\n\t\t<meta name=\"twitter:card\" content=\"summary_large_image\" \/>\n\t\t<meta name=\"twitter:site\" content=\"@LPlivingplace\" \/>\n\t\t<meta name=\"twitter:title\" content=\"Sustentabilidade - Living Place\" \/>\n\t\t<meta name=\"twitter:description\" content=\"A Living Place tem um compromisso forte com a sustentabilidade, alinhada com a Agenda 2030 e os Objetivos de Desenvolvimento Sustent\u00e1vel. Conhe\u00e7a as nossas a\u00e7\u00f5es e pol\u00edticas, desde a neutraliza\u00e7\u00e3o de carbono at\u00e9 \u00e0s boas pr\u00e1ticas ambientais.\" \/>\n\t\t<meta name=\"twitter:creator\" content=\"@LPlivingplace\" \/>\n\t\t<meta name=\"twitter:image\" content=\"https:\/\/livingplace.pt\/wp-content\/uploads\/2024\/05\/Objetivos-de-Desenvolvimento-Sustentavel.gif\" \/>\n\t\t<script type=\"application\/ld+json\" class=\"aioseo-schema\">\n\t\t\t{\"@context\":\"https:\\\/\\\/schema.org\",\"@graph\":[{\"@type\":\"BreadcrumbList\",\"@id\":\"https:\\\/\\\/livingplace.pt\\\/en_gb\\\/sustentabilidade\\\/#breadcrumblist\",\"itemListElement\":[{\"@type\":\"ListItem\",\"@id\":\"https:\\\/\\\/livingplace.pt\\\/en_gb#listItem\",\"position\":1,\"name\":\"Home\",\"item\":\"https:\\\/\\\/livingplace.pt\\\/en_gb\",\"nextItem\":{\"@type\":\"ListItem\",\"@id\":\"https:\\\/\\\/livingplace.pt\\\/en_gb\\\/sustentabilidade\\\/#listItem\",\"name\":\"Sustentabilidade\"}},{\"@type\":\"ListItem\",\"@id\":\"https:\\\/\\\/livingplace.pt\\\/en_gb\\\/sustentabilidade\\\/#listItem\",\"position\":2,\"name\":\"Sustentabilidade\",\"previousItem\":{\"@type\":\"ListItem\",\"@id\":\"https:\\\/\\\/livingplace.pt\\\/en_gb#listItem\",\"name\":\"Home\"}}]},{\"@type\":\"Organization\",\"@id\":\"https:\\\/\\\/livingplace.pt\\\/en_gb\\\/#organization\",\"name\":\"Living Place\",\"description\":\"Anima\\u00e7\\u00e3o Tur\\u00edstica e Team Building Portugal\",\"url\":\"https:\\\/\\\/livingplace.pt\\\/en_gb\\\/\",\"email\":\"geral@livingplace.pt\",\"telephone\":\"+351910741061\",\"foundingDate\":\"2012-05-01\",\"numberOfEmployees\":{\"@type\":\"QuantitativeValue\",\"value\":5},\"logo\":{\"@type\":\"ImageObject\",\"url\":\"https:\\\/\\\/livingplace.pt\\\/wp-content\\\/uploads\\\/2024\\\/08\\\/logo_LP.png\",\"@id\":\"https:\\\/\\\/livingplace.pt\\\/en_gb\\\/sustentabilidade\\\/#organizationLogo\",\"width\":416,\"height\":100,\"caption\":\"Living Place\"},\"image\":{\"@id\":\"https:\\\/\\\/livingplace.pt\\\/en_gb\\\/sustentabilidade\\\/#organizationLogo\"},\"sameAs\":[\"https:\\\/\\\/www.facebook.com\\\/LivingPlaceAnimacaoTuristica\",\"https:\\\/\\\/x.com\\\/LPlivingplace\",\"https:\\\/\\\/www.instagram.com\\\/livingplacept\\\/\",\"https:\\\/\\\/www.tiktok.com\\\/@living.place\\\/\",\"https:\\\/\\\/www.youtube.com\\\/user\\\/LivingPlace1\\\/\",\"https:\\\/\\\/linkedin.com\\\/company\\\/living-place-animacao-turistica\\\/\",\"https:\\\/\\\/livingplace.pt\\\/\",\"https:\\\/\\\/www.threads.com\\\/@livingplacept\\\/\",\"https:\\\/\\\/wrld.org\\\/livingplace\\\/\",\"https:\\\/\\\/www.threads.com\\\/@livingplacept\"]},{\"@type\":\"WebPage\",\"@id\":\"https:\\\/\\\/livingplace.pt\\\/en_gb\\\/sustentabilidade\\\/#webpage\",\"url\":\"https:\\\/\\\/livingplace.pt\\\/en_gb\\\/sustentabilidade\\\/\",\"name\":\"Sustentabilidade - Living Place\",\"description\":\"A Living Place tem um compromisso forte com a sustentabilidade, alinhada com a Agenda 2030 e os Objetivos de Desenvolvimento Sustent\\u00e1vel. Conhe\\u00e7a as nossas a\\u00e7\\u00f5es e pol\\u00edticas, desde a neutraliza\\u00e7\\u00e3o de carbono at\\u00e9 \\u00e0s boas pr\\u00e1ticas ambientais.\",\"inLanguage\":\"en-GB\",\"isPartOf\":{\"@id\":\"https:\\\/\\\/livingplace.pt\\\/en_gb\\\/#website\"},\"breadcrumb\":{\"@id\":\"https:\\\/\\\/livingplace.pt\\\/en_gb\\\/sustentabilidade\\\/#breadcrumblist\"},\"image\":{\"@type\":\"ImageObject\",\"url\":\"https:\\\/\\\/livingplace.pt\\\/wp-content\\\/uploads\\\/2024\\\/05\\\/Objetivos-de-Desenvolvimento-Sustentavel.gif\",\"@id\":\"https:\\\/\\\/livingplace.pt\\\/en_gb\\\/sustentabilidade\\\/#mainImage\",\"width\":800,\"height\":800,\"caption\":\"Objetivos de Desenvolvimento Sustent\\u00e1vel\"},\"primaryImageOfPage\":{\"@id\":\"https:\\\/\\\/livingplace.pt\\\/en_gb\\\/sustentabilidade\\\/#mainImage\"},\"datePublished\":\"2024-05-29T13:03:08+00:00\",\"dateModified\":\"2026-08-18T13:05:51+00:00\"},{\"@type\":\"WebSite\",\"@id\":\"https:\\\/\\\/livingplace.pt\\\/en_gb\\\/#website\",\"url\":\"https:\\\/\\\/livingplace.pt\\\/en_gb\\\/\",\"name\":\"Living Place\",\"alternateName\":\"Living Place\",\"description\":\"Anima\\u00e7\\u00e3o Tur\\u00edstica e Team Building Portugal\",\"inLanguage\":\"en-GB\",\"publisher\":{\"@id\":\"https:\\\/\\\/livingplace.pt\\\/en_gb\\\/#organization\"}}]}\n\t\t<\/script>\n\t\t<script type=\"text\/javascript\">\n\t\t\t(function(c,l,a,r,i,t,y){\n\t\t\tc[a]=c[a]||function(){(c[a].q=c[a].q||[]).push(arguments)};t=l.createElement(r);t.async=1;\n\t\t\tt.src=\"https:\/\/www.clarity.ms\/tag\/\"+i+\"?ref=aioseo\";y=l.getElementsByTagName(r)[0];y.parentNode.insertBefore(t,y);\n\t\t})(window, document, \"clarity\", \"script\", \"sqn5e5pvgb\");\n\t\t<\/script>\n\t\t<!-- All in One SEO -->\n\n","aioseo_head_json":{"title":"Sustentabilidade - Living Place","description":"A Living Place tem um compromisso forte com a sustentabilidade, alinhada com a Agenda 2030 e os Objetivos de Desenvolvimento Sustent\u00e1vel. Conhe\u00e7a as nossas a\u00e7\u00f5es e pol\u00edticas, desde a neutraliza\u00e7\u00e3o de carbono at\u00e9 \u00e0s boas pr\u00e1ticas ambientais.","canonical_url":"https:\/\/livingplace.pt\/sustentabilidade\/","robots":"max-image-preview:large","keywords":"","webmasterTools":{"msvalidate.01":"5B40DC136B482F5B728BA29A56E8357A","miscellaneous":"&lt;!-- Google tag (gtag.js) --&gt; &lt;script async src=\"https:\/\/www.googletagmanager.com\/gtag\/js?id=G-GLRLSMJMJV\"&gt;&lt;\/script&gt; &lt;script&gt; window.dataLayer = window.dataLayer || []; function gtag(){dataLayer.push(arguments);} gtag('js', new Date()); gtag('config', 'G-GLRLSMJMJV'); &lt;\/script&gt;"},"schema":{"@context":"https:\/\/schema.org","@graph":[{"@type":"BreadcrumbList","@id":"https:\/\/livingplace.pt\/en_gb\/sustentabilidade\/#breadcrumblist","itemListElement":[{"@type":"ListItem","@id":"https:\/\/livingplace.pt\/en_gb#listItem","position":1,"name":"Home","item":"https:\/\/livingplace.pt\/en_gb","nextItem":{"@type":"ListItem","@id":"https:\/\/livingplace.pt\/en_gb\/sustentabilidade\/#listItem","name":"Sustentabilidade"}},{"@type":"ListItem","@id":"https:\/\/livingplace.pt\/en_gb\/sustentabilidade\/#listItem","position":2,"name":"Sustentabilidade","previousItem":{"@type":"ListItem","@id":"https:\/\/livingplace.pt\/en_gb#listItem","name":"Home"}}]},{"@type":"Organization","@id":"https:\/\/livingplace.pt\/en_gb\/#organization","name":"Living Place","description":"Anima\u00e7\u00e3o Tur\u00edstica e Team Building Portugal","url":"https:\/\/livingplace.pt\/en_gb\/","email":"geral@livingplace.pt","telephone":"+351910741061","foundingDate":"2012-05-01","numberOfEmployees":{"@type":"QuantitativeValue","value":5},"logo":{"@type":"ImageObject","url":"https:\/\/livingplace.pt\/wp-content\/uploads\/2024\/08\/logo_LP.png","@id":"https:\/\/livingplace.pt\/en_gb\/sustentabilidade\/#organizationLogo","width":416,"height":100,"caption":"Living Place"},"image":{"@id":"https:\/\/livingplace.pt\/en_gb\/sustentabilidade\/#organizationLogo"},"sameAs":["https:\/\/www.facebook.com\/LivingPlaceAnimacaoTuristica","https:\/\/x.com\/LPlivingplace","https:\/\/www.instagram.com\/livingplacept\/","https:\/\/www.tiktok.com\/@living.place\/","https:\/\/www.youtube.com\/user\/LivingPlace1\/","https:\/\/linkedin.com\/company\/living-place-animacao-turistica\/","https:\/\/livingplace.pt\/","https:\/\/www.threads.com\/@livingplacept\/","https:\/\/wrld.org\/livingplace\/","https:\/\/www.threads.com\/@livingplacept"]},{"@type":"WebPage","@id":"https:\/\/livingplace.pt\/en_gb\/sustentabilidade\/#webpage","url":"https:\/\/livingplace.pt\/en_gb\/sustentabilidade\/","name":"Sustentabilidade - Living Place","description":"A Living Place tem um compromisso forte com a sustentabilidade, alinhada com a Agenda 2030 e os Objetivos de Desenvolvimento Sustent\u00e1vel. Conhe\u00e7a as nossas a\u00e7\u00f5es e pol\u00edticas, desde a neutraliza\u00e7\u00e3o de carbono at\u00e9 \u00e0s boas pr\u00e1ticas ambientais.","inLanguage":"en-GB","isPartOf":{"@id":"https:\/\/livingplace.pt\/en_gb\/#website"},"breadcrumb":{"@id":"https:\/\/livingplace.pt\/en_gb\/sustentabilidade\/#breadcrumblist"},"image":{"@type":"ImageObject","url":"https:\/\/livingplace.pt\/wp-content\/uploads\/2024\/05\/Objetivos-de-Desenvolvimento-Sustentavel.gif","@id":"https:\/\/livingplace.pt\/en_gb\/sustentabilidade\/#mainImage","width":800,"height":800,"caption":"Objetivos de Desenvolvimento Sustent\u00e1vel"},"primaryImageOfPage":{"@id":"https:\/\/livingplace.pt\/en_gb\/sustentabilidade\/#mainImage"},"datePublished":"2024-05-29T13:03:08+00:00","dateModified":"2026-08-18T13:05:51+00:00"},{"@type":"WebSite","@id":"https:\/\/livingplace.pt\/en_gb\/#website","url":"https:\/\/livingplace.pt\/en_gb\/","name":"Living Place","alternateName":"Living Place","description":"Anima\u00e7\u00e3o Tur\u00edstica e Team Building Portugal","inLanguage":"en-GB","publisher":{"@id":"https:\/\/livingplace.pt\/en_gb\/#organization"}}]},"og:locale":"en_GB","og:site_name":"Living Place - Anima\u00e7\u00e3o Tur\u00edstica e Team Building Portugal","og:type":"article","og:title":"Sustentabilidade - Living Place","og:description":"A Living Place tem um compromisso forte com a sustentabilidade, alinhada com a Agenda 2030 e os Objetivos de Desenvolvimento Sustent\u00e1vel. Conhe\u00e7a as nossas a\u00e7\u00f5es e pol\u00edticas, desde a neutraliza\u00e7\u00e3o de carbono at\u00e9 \u00e0s boas pr\u00e1ticas ambientais.","og:url":"https:\/\/livingplace.pt\/sustentabilidade\/","og:image":"https:\/\/livingplace.pt\/wp-content\/uploads\/2024\/05\/Objetivos-de-Desenvolvimento-Sustentavel.gif","og:image:secure_url":"https:\/\/livingplace.pt\/wp-content\/uploads\/2024\/05\/Objetivos-de-Desenvolvimento-Sustentavel.gif","og:image:width":"800","og:image:height":"800","article:published_time":"2024-05-29T13:03:08+00:00","article:modified_time":"2026-08-18T13:05:51+00:00","article:publisher":"https:\/\/www.facebook.com\/LivingPlaceAnimacaoTuristica","twitter:card":"summary_large_image","twitter:site":"@LPlivingplace","twitter:title":"Sustentabilidade - Living Place","twitter:description":"A Living Place tem um compromisso forte com a sustentabilidade, alinhada com a Agenda 2030 e os Objetivos de Desenvolvimento Sustent\u00e1vel. Conhe\u00e7a as nossas a\u00e7\u00f5es e pol\u00edticas, desde a neutraliza\u00e7\u00e3o de carbono at\u00e9 \u00e0s boas pr\u00e1ticas ambientais.","twitter:creator":"@LPlivingplace","twitter:image":"https:\/\/livingplace.pt\/wp-content\/uploads\/2024\/05\/Objetivos-de-Desenvolvimento-Sustentavel.gif"},"aioseo_meta_data":{"post_id":"756","title":null,"description":"A Living Place tem um compromisso forte com a sustentabilidade, alinhada com a Agenda 2030 e os Objetivos de Desenvolvimento Sustent\u00e1vel. Conhe\u00e7a as nossas a\u00e7\u00f5es e pol\u00edticas, desde a neutraliza\u00e7\u00e3o de carbono at\u00e9 \u00e0s boas pr\u00e1ticas ambientais.","keywords":null,"keyphrases":{"focus":{"keyphrase":"Sustentabilidade","score":82,"analysis":{"keyphraseInTitle":{"score":9,"maxScore":9,"error":0},"keyphraseInDescription":{"score":9,"maxScore":9,"error":0},"keyphraseLength":{"score":9,"maxScore":9,"error":0,"length":1},"keyphraseInURL":{"score":5,"maxScore":5,"error":0},"keyphraseInIntroduction":{"score":9,"maxScore":9,"error":0},"keyphraseInSubHeadings":{"score":3,"maxScore":9,"error":1},"keyphraseInImageAlt":{"score":3,"maxScore":9,"error":1},"keywordDensity":{"type":"best","score":9,"maxScore":9,"error":0}}},"additional":[]},"primary_term":null,"canonical_url":"https:\/\/livingplace.pt\/sustentabilidade\/","og_title":"#post_title #separator_sa #site_title","og_description":"A Living Place tem um compromisso forte com a sustentabilidade, alinhada com a Agenda 2030 e os Objetivos de Desenvolvimento Sustent\u00e1vel. Conhe\u00e7a as nossas a\u00e7\u00f5es e pol\u00edticas, desde a neutraliza\u00e7\u00e3o de carbono at\u00e9 \u00e0s boas pr\u00e1ticas ambientais.","og_object_type":"default","og_image_type":"featured","og_image_url":"https:\/\/livingplace.pt\/wp-content\/uploads\/2024\/05\/Objetivos-de-Desenvolvimento-Sustentavel.gif","og_image_width":"800","og_image_height":"800","og_image_custom_url":"https:\/\/livingplace.pt\/wp-content\/uploads\/2024\/05\/Objetivos-de-Desenvolvimento-Sustentavel.gif","og_image_custom_fields":null,"og_video":"","og_custom_url":null,"og_article_section":null,"og_article_tags":null,"twitter_use_og":false,"twitter_card":"default","twitter_image_type":"featured","twitter_image_url":"https:\/\/livingplace.pt\/wp-content\/uploads\/2024\/05\/Objetivos-de-Desenvolvimento-Sustentavel.gif","twitter_image_custom_url":"https:\/\/livingplace.pt\/wp-content\/uploads\/2024\/05\/Objetivos-de-Desenvolvimento-Sustentavel.gif","twitter_image_custom_fields":null,"twitter_title":"#post_title #separator_sa #site_title","twitter_description":"A Living Place tem um compromisso forte com a sustentabilidade, alinhada com a Agenda 2030 e os Objetivos de Desenvolvimento Sustent\u00e1vel. Conhe\u00e7a as nossas a\u00e7\u00f5es e pol\u00edticas, desde a neutraliza\u00e7\u00e3o de carbono at\u00e9 \u00e0s boas pr\u00e1ticas ambientais.","schema":{"blockGraphs":[],"customGraphs":[],"default":{"data":{"Article":[],"Course":[],"Dataset":[],"FAQPage":[],"Movie":[],"Person":[],"Product":[],"ProductReview":[],"Car":[],"Recipe":[],"Service":[],"SoftwareApplication":[],"WebPage":[]},"graphName":"WebPage","isEnabled":true},"graphs":[]},"schema_type":"default","schema_type_options":null,"pillar_content":false,"robots_default":true,"robots_noindex":false,"robots_noarchive":false,"robots_nosnippet":false,"robots_nofollow":false,"robots_noimageindex":false,"robots_noodp":false,"robots_notranslate":false,"robots_max_snippet":"-1","robots_max_videopreview":"-1","robots_max_imagepreview":"large","priority":null,"frequency":"default","local_seo":null,"breadcrumb_settings":null,"limit_modified_date":false,"ai":{"faqs":[],"keyPoints":[],"titles":[],"descriptions":[],"socialPosts":{"email":[],"linkedin":[],"twitter":[],"facebook":[],"instagram":[]}},"created":"2025-09-16 11:49:47","updated":"2026-08-19 01:23:38","seo_analyzer_scan_date":null,"focus_keyword":"Sustentabilidade","additional_keywords":null,"truseo_locale":null},"aioseo_breadcrumb":"<div class=\"aioseo-breadcrumbs\"><span class=\"aioseo-breadcrumb\">\n\t\t\t<a href=\"https:\/\/livingplace.pt\/en_gb\" title=\"Home\">Home<\/a>\n\t\t<\/span><span class=\"aioseo-breadcrumb-separator\">\u00bb<\/span><span class=\"aioseo-breadcrumb\">\n\t\t\tSustentabilidade\n\t\t<\/span><\/div>","aioseo_breadcrumb_json":[{"label":"Home","link":"https:\/\/livingplace.pt\/en_gb"},{"label":"Sustentabilidade","link":"https:\/\/livingplace.pt\/en_gb\/sustentabilidade\/"}],"_links":{"self":[{"href":"https:\/\/livingplace.pt\/en_gb\/wp-json\/wp\/v2\/pages\/756","targetHints":{"allow":["GET"]}}],"collection":[{"href":"https:\/\/livingplace.pt\/en_gb\/wp-json\/wp\/v2\/pages"}],"about":[{"href":"https:\/\/livingplace.pt\/en_gb\/wp-json\/wp\/v2\/types\/page"}],"author":[{"embeddable":true,"href":"https:\/\/livingplace.pt\/en_gb\/wp-json\/wp\/v2\/users\/1"}],"replies":[{"embeddable":true,"href":"https:\/\/livingplace.pt\/en_gb\/wp-json\/wp\/v2\/comments?post=756"}],"version-history":[{"count":32,"href":"https:\/\/livingplace.pt\/en_gb\/wp-json\/wp\/v2\/pages\/756\/revisions"}],"predecessor-version":[{"id":4985,"href":"https:\/\/livingplace.pt\/en_gb\/wp-json\/wp\/v2\/pages\/756\/revisions\/4985"}],"wp:featuredmedia":[{"embeddable":true,"href":"https:\/\/livingplace.pt\/en_gb\/wp-json\/wp\/v2\/media\/760"}],"wp:attachment":[{"href":"https:\/\/livingplace.pt\/en_gb\/wp-json\/wp\/v2\/media?parent=756"}],"curies":[{"name":"wp","href":"https:\/\/api.w.org\/{rel}","templated":true}]}}